{"id":2458,"date":"2024-03-07T09:51:31","date_gmt":"2024-03-07T08:51:31","guid":{"rendered":"https:\/\/elzede.net\/acl\/?page_id=2458"},"modified":"2024-04-01T12:57:12","modified_gmt":"2024-04-01T10:57:12","slug":"uwup2024","status":"publish","type":"page","link":"https:\/\/elzede.net\/acl\/uwup2024\/","title":{"rendered":"Un week-end Un pays : La Belgique"},"content":{"rendered":"\n<p id=\"uwup2024top\">3\u00e8me \u00e9dition de notre festival Un week-end Un pays.<br>Cette ann\u00e9e nous avons choisi la Belgique<br>Promis nous partirons vers le sud une prochaine fois \ud83d\ude02<\/p>\n\n\n\n<p><a href=\"#uwup2024calend\">Le calendrier<\/a><br><a href=\"#uwup2024films\">Les films s\u00e9lectionn\u00e9s<\/a><br><a href=\"#uwup2024tarif\">Le tarif<\/a><br><a href=\"#uwup2024resa\">La restauration (r\u00e9servation via HelloAsso)<\/a> Ouvrira du <strong>1 au 19 avril \u00e0 midi<\/strong><\/p>\n\n\n\n<hr class=\"wp-block-separator has-text-color has-pale-cyan-blue-color has-alpha-channel-opacity has-pale-cyan-blue-background-color has-background is-style-wide\"\/>\n\n\n\n<h2 class=\"wp-block-heading\" id=\"uwup2024calend\">Le calendrier<\/h2>\n\n\n\n<ul class=\"uwup2023calend wp-block-list\">\n<li>Vendredi 19 avril &#8211; 20h30 &#8211; <a href=\"#be01\">C&rsquo;Est Arriv\u00e9 Pr\u00e8s De Chez Vous<\/a><\/li>\n\n\n\n<li>Samedi 20 avril &#8211; 17h &#8211; <a href=\"#be02\">Ni Juge Ni Soumise<\/a><\/li>\n\n\n\n<li>Samedi 20 avril  &#8211; 18h45 &#8211; Diner belge <em>(sur r\u00e9servation<\/em>)<\/li>\n\n\n\n<li>Samedi 20 avril &#8211; 20h30 &#8211; <a href=\"#be03\">Bull Head &#8211; vostfr<\/a><\/li>\n\n\n\n<li>Dimanche 21 avril &#8211; 10h &#8211; Petit d\u00e9jeuner belge <\/li>\n\n\n\n<li>Dimanche 21 avril &#8211; 10h30 &#8211; <a href=\"#be04\">Le Grand M\u00e9chant Renard<\/a><\/li>\n\n\n\n<li>Dimanche 21 avril &#8211; 17h &#8211; <a href=\"#be05\">L&rsquo;Etoile Filante<\/a><\/li>\n<\/ul>\n\n\n\n<div class=\"wp-block-buttons is-content-justification-right is-layout-flex wp-container-core-buttons-is-layout-765c4724 wp-block-buttons-is-layout-flex\">\n<div class=\"wp-block-button has-custom-width wp-block-button__width-25 has-custom-font-size is-style-outline is-style-outline--1\" style=\"font-size:9px\"><a class=\"wp-block-button__link has-vivid-cyan-blue-color has-text-color wp-element-button\" href=\"#uwup2024top\">Retour en haut<\/a><\/div>\n<\/div>\n\n\n\n<hr class=\"wp-block-separator has-text-color has-pale-cyan-blue-color has-alpha-channel-opacity has-pale-cyan-blue-background-color has-background is-style-wide\"\/>\n\n\n\n<h2 class=\"wp-block-heading\" id=\"uwup2024films\">Les films de ce festival<\/h2>\n\n\n\n<div class=\"wp-block-columns are-vertically-aligned-center is-layout-flex wp-container-core-columns-is-layout-9d6595d7 wp-block-columns-is-layout-flex\">\n<div class=\"wp-block-column is-vertically-aligned-center is-layout-flow wp-block-column-is-layout-flow\" style=\"flex-basis:33.33%\">\n<p class=\"has-drop-cap\">Vendredi 19 avril<br>20h30<\/p>\n<\/div>\n\n\n\n<div class=\"wp-block-column is-vertically-aligned-center is-layout-flow wp-block-column-is-layout-flow\" style=\"flex-basis:66.66%\">\n<div class=\"wp-block-media-text alignwide is-stacked-on-mobile\"><figure class=\"wp-block-media-text__media\"><img loading=\"lazy\" decoding=\"async\" width=\"1000\" height=\"723\" src=\"https:\/\/elzede.net\/acl\/wp-content\/uploads\/2024\/03\/c-est-arrive-pres-de-chez-vous-toujours-super-culteM115036.jpg\" alt=\"\" class=\"wp-image-2464 size-full\" srcset=\"https:\/\/elzede.net\/acl\/wp-content\/uploads\/2024\/03\/c-est-arrive-pres-de-chez-vous-toujours-super-culteM115036.jpg 1000w, https:\/\/elzede.net\/acl\/wp-content\/uploads\/2024\/03\/c-est-arrive-pres-de-chez-vous-toujours-super-culteM115036-300x217.jpg 300w, https:\/\/elzede.net\/acl\/wp-content\/uploads\/2024\/03\/c-est-arrive-pres-de-chez-vous-toujours-super-culteM115036-768x555.jpg 768w\" sizes=\"auto, (max-width: 767px) 89vw, (max-width: 1000px) 54vw, (max-width: 1071px) 543px, 580px\" \/><\/figure><div class=\"wp-block-media-text__content\">\n<p id=\"be01\">C&rsquo;EST ARRIVE PRES DE CHEZ VOUS (1992)<\/p>\n\n\n\n<p>De Remy Belvaux, Andr\u00e9 Bonzel &amp;Benoit Poelvoorde <br>Avec Beno\u00eet Poelvoorde,&nbsp;Jacqueline Poelvoorde Pappaert,&nbsp;Nelly Pappaert<br>Com\u00e9die polici\u00e8re-95mn <\/p>\n\n\n\n<p class=\"has-vivid-red-color has-text-color has-link-color wp-elements-582ebae93a53b30a231ab67edcdddf97\"><strong>Interdit &#8211; 12 ans<\/strong><\/p>\n<\/div><\/div>\n<\/div>\n<\/div>\n\n\n\n<details>\n <summary><i>En savoir plus sur ce film, clic sur le petit triangle<\/summary>\n <p>Faux documentaire o\u00f9 une \u00e9quipe de journalistes suit Ben, un tueur, qui s&rsquo;attaque plus particulierement aux personnes ag\u00e9es et aux personnes de classes moyennes. Peu \u00e0 peules journalistes vont prendre part aux crimes de Ben.<\/i><\/p>\n<\/details>\n\n\n\n<div class=\"wp-block-buttons is-content-justification-right is-layout-flex wp-container-core-buttons-is-layout-765c4724 wp-block-buttons-is-layout-flex\">\n<div class=\"wp-block-button has-custom-width wp-block-button__width-25 has-custom-font-size is-style-outline is-style-outline--2\" style=\"font-size:9px\"><a class=\"wp-block-button__link has-vivid-cyan-blue-color has-text-color wp-element-button\" href=\"#uwup2024top\">Retour en haut<\/a><\/div>\n<\/div>\n\n\n\n<hr class=\"wp-block-separator has-text-color has-pale-cyan-blue-color has-alpha-channel-opacity has-pale-cyan-blue-background-color has-background is-style-wide\"\/>\n\n\n\n<div class=\"wp-block-columns are-vertically-aligned-center is-layout-flex wp-container-core-columns-is-layout-9d6595d7 wp-block-columns-is-layout-flex\">\n<div class=\"wp-block-column is-vertically-aligned-center is-layout-flow wp-block-column-is-layout-flow\" style=\"flex-basis:33.33%\">\n<p class=\"has-drop-cap\">Samedi 20 avril<br>17h<\/p>\n<\/div>\n\n\n\n<div class=\"wp-block-column is-vertically-aligned-center is-layout-flow wp-block-column-is-layout-flow\" style=\"flex-basis:66.66%\">\n<div class=\"wp-block-media-text alignwide is-stacked-on-mobile\"><figure class=\"wp-block-media-text__media\"><img loading=\"lazy\" decoding=\"async\" width=\"1024\" height=\"576\" src=\"https:\/\/elzede.net\/acl\/wp-content\/uploads\/2024\/03\/Ni-juge-ni-soumise-1024x576.png\" alt=\"\" class=\"wp-image-2472 size-full\" srcset=\"https:\/\/elzede.net\/acl\/wp-content\/uploads\/2024\/03\/Ni-juge-ni-soumise-1024x576.png 1024w, https:\/\/elzede.net\/acl\/wp-content\/uploads\/2024\/03\/Ni-juge-ni-soumise-300x169.png 300w, https:\/\/elzede.net\/acl\/wp-content\/uploads\/2024\/03\/Ni-juge-ni-soumise-768x432.png 768w, https:\/\/elzede.net\/acl\/wp-content\/uploads\/2024\/03\/Ni-juge-ni-soumise.png 1280w\" sizes=\"auto, (max-width: 767px) 89vw, (max-width: 1000px) 54vw, (max-width: 1071px) 543px, 580px\" \/><\/figure><div class=\"wp-block-media-text__content\">\n<p id=\"be02\">NI JUGE NI SOUMISE (2017)<\/p>\n\n\n\n<p>Documentaire de Jean LIBON et Yves Hinant<br>Avec Anne Gruwez, la juge d&rsquo;Instruction<\/p>\n\n\n\n<p>99 mn -vostf<\/p>\n<\/div><\/div>\n<\/div>\n<\/div>\n\n\n\n<details>\n <summary>En savoir plus sur ce film, clic sur le petit triangle<\/summary>\n <p><i>Le documentaire suit le travail d&rsquo;Anne Gruwez dans plusieurs affaires. Le fil rouge est un cold case concernant les meurtres de deux prostitu\u00e9es survenus dans les ann\u00e9es 1990. En parall\u00e8le, on assiste au travail de la juge d&rsquo;instruction dans ses auditions, et certains d\u00e9placements sur le terrain.<\/i><\/p><p>L&rsquo;\u00e9quipe de Strip Tease est derri\u00e8re ce long-m\u00e9trage r\u00e9alis\u00e9 dans le style du cin\u00e9ma direct. Jean Libon, cocr\u00e9ateur avec Marco Lamensch de l&rsquo;\u00e9mission de documentaires diffus\u00e9e sur la RTBF puis sur France 3 entre 1985 et 2012, et Yves Hinant, l&rsquo;un de ses r\u00e9alisateurs historiques, y avaient collabor\u00e9.<\/p>\n<\/details>\n\n\n\n<div class=\"wp-block-columns are-vertically-aligned-center is-layout-flex wp-container-core-columns-is-layout-9d6595d7 wp-block-columns-is-layout-flex\">\n<div class=\"wp-block-column is-vertically-aligned-center is-layout-flow wp-block-column-is-layout-flow\" style=\"flex-basis:33.33%\">\n<p class=\"has-drop-cap\">Samedi 20 avril<br>20h30<\/p>\n<\/div>\n\n\n\n<div class=\"wp-block-column is-vertically-aligned-center is-layout-flow wp-block-column-is-layout-flow\" style=\"flex-basis:66.66%\">\n<div class=\"wp-block-media-text alignwide is-stacked-on-mobile\"><figure class=\"wp-block-media-text__media\"><img loading=\"lazy\" decoding=\"async\" width=\"1024\" height=\"614\" src=\"https:\/\/elzede.net\/acl\/wp-content\/uploads\/2024\/03\/bullhead-2jpg-122e1245fa57a08e-1024x614.jpg\" alt=\"\" class=\"wp-image-2473 size-full\" srcset=\"https:\/\/elzede.net\/acl\/wp-content\/uploads\/2024\/03\/bullhead-2jpg-122e1245fa57a08e-1024x614.jpg 1024w, https:\/\/elzede.net\/acl\/wp-content\/uploads\/2024\/03\/bullhead-2jpg-122e1245fa57a08e-300x180.jpg 300w, https:\/\/elzede.net\/acl\/wp-content\/uploads\/2024\/03\/bullhead-2jpg-122e1245fa57a08e-768x461.jpg 768w, https:\/\/elzede.net\/acl\/wp-content\/uploads\/2024\/03\/bullhead-2jpg-122e1245fa57a08e.jpg 1280w\" sizes=\"auto, (max-width: 767px) 89vw, (max-width: 1000px) 54vw, (max-width: 1071px) 543px, 580px\" \/><\/figure><div class=\"wp-block-media-text__content\">\n<p id=\"be03\">BULL HEAD  (2011)<\/p>\n\n\n\n<p>De Micha\u00ebl  R. Roksam<br>Avec Matthias Schoenaerts, Jeroen Perceval, Jeanne Dandoy.<\/p>\n\n\n\n<p>Film policier &#8211; 129mn, vostfr<\/p>\n\n\n\n<p class=\"has-vivid-red-color has-text-color has-link-color wp-elements-694c31d076b47767814cd965bed717bf\"><strong>Interdit &#8211; 12 ans<\/strong><br><\/p>\n<\/div><\/div>\n<\/div>\n<\/div>\n\n\n\n<details>\n <summary>En savoir plus sur ce film, clic sur le petit triangle<\/summary>\n <p><i>Jacky est issu d&rsquo;une importante famille d&rsquo;agriculteurs et d&rsquo;engraisseurs du sud du Limbourg. A 33 ans, il appara\u00eet comme un \u00eatre renferm\u00e9 et impr\u00e9visible, parfois violent\u2026 Gr\u00e2ce \u00e0 sa collaboration avec un v\u00e9t\u00e9rinaire corrompu, Jacky s\u2019est forg\u00e9 une belle place dans le milieu de la mafia des hormones. Alors qu\u2019il est en passe de conclure un march\u00e9 exclusif avec le plus puissant des trafiquants d&rsquo;hormones de Flandre occidentale, un agent f\u00e9d\u00e9ral est assassin\u00e9. C\u2019est le branle-bas de combat parmi les policiers. Les choses se compliquent pour Jacky et tandis que l\u2019\u00e9tau se resserre autour de lui, tout son pass\u00e9, et ses lourds secrets, ressurgissent.<\/i><\/p>\n<p>Ce film a \u00e9t\u00e9 multi prim\u00e9 :  <ul>2011 &#8211; Prix du jury et du public au festival international du film policier de Beaune<\/ul><ul>2011 &#8211; Six Prix du film flamand<\/ul><ul>2012 &#8211; Trois Magritte du cin\u00e9ma<\/ul> <\/p>\n<\/details>\n\n\n\n<div class=\"wp-block-buttons is-content-justification-right is-layout-flex wp-container-core-buttons-is-layout-765c4724 wp-block-buttons-is-layout-flex\">\n<div class=\"wp-block-button has-custom-width wp-block-button__width-25 has-custom-font-size is-style-outline is-style-outline--3\" style=\"font-size:9px\"><a class=\"wp-block-button__link has-vivid-cyan-blue-color has-text-color wp-element-button\" href=\"#uwup2024top\">Retour en haut<\/a><\/div>\n<\/div>\n\n\n\n<hr class=\"wp-block-separator has-text-color has-pale-cyan-blue-color has-alpha-channel-opacity has-pale-cyan-blue-background-color has-background is-style-wide\"\/>\n\n\n\n<div class=\"wp-block-columns are-vertically-aligned-center is-layout-flex wp-container-core-columns-is-layout-9d6595d7 wp-block-columns-is-layout-flex\">\n<div class=\"wp-block-column is-vertically-aligned-center is-layout-flow wp-block-column-is-layout-flow\" style=\"flex-basis:33.33%\">\n<p class=\"has-drop-cap\">Dimanche 21 avril<br>10h<\/p>\n<\/div>\n\n\n\n<div class=\"wp-block-column is-vertically-aligned-center is-layout-flow wp-block-column-is-layout-flow\" style=\"flex-basis:66.66%\">\n<div class=\"wp-block-media-text alignwide is-stacked-on-mobile\"><figure class=\"wp-block-media-text__media\"><img loading=\"lazy\" decoding=\"async\" width=\"1024\" height=\"576\" src=\"https:\/\/elzede.net\/acl\/wp-content\/uploads\/2024\/03\/grandmechantrenard_etautrescontes_21-1024x576.jpg\" alt=\"\" class=\"wp-image-2474 size-full\" srcset=\"https:\/\/elzede.net\/acl\/wp-content\/uploads\/2024\/03\/grandmechantrenard_etautrescontes_21-1024x576.jpg 1024w, https:\/\/elzede.net\/acl\/wp-content\/uploads\/2024\/03\/grandmechantrenard_etautrescontes_21-300x169.jpg 300w, https:\/\/elzede.net\/acl\/wp-content\/uploads\/2024\/03\/grandmechantrenard_etautrescontes_21-768x432.jpg 768w, https:\/\/elzede.net\/acl\/wp-content\/uploads\/2024\/03\/grandmechantrenard_etautrescontes_21-1536x864.jpg 1536w, https:\/\/elzede.net\/acl\/wp-content\/uploads\/2024\/03\/grandmechantrenard_etautrescontes_21.jpg 1920w\" sizes=\"auto, (max-width: 767px) 89vw, (max-width: 1000px) 54vw, (max-width: 1071px) 543px, 580px\" \/><\/figure><div class=\"wp-block-media-text__content\">\n<p id=\"be04\">LE GRAND MECHANT RENARD (2017)<\/p>\n\n\n\n<p>De Benjamin Renner et Patrick Imbert<br>Animation &#8211; 80mn<\/p>\n\n\n\n<p>C\u00e9sar 2018 &#8211; Meilleur film d&rsquo;animation<\/p>\n<\/div><\/div>\n<\/div>\n<\/div>\n\n\n\n<details>\n <summary>En savoir plus sur ce film, clic sur le petit triangle<\/summary>\n <p><i>Ceux qui pensent que la campagne est un lieu calme et paisible se trompent, on y trouve des animaux particuli\u00e8rement agit\u00e9s, un Renard qui se prend pour une poule, un Lapin qui fait la cigogne et un Canard qui veut remplacer le P\u00e8re No\u00ebl. Si vous voulez prendre des vacances, passez votre chemin\u2026<\/i><\/p>\n<p>Le film est constitu\u00e9 de trois histoires courtes, qui se d\u00e9roulent au moins en partie dans une m\u00eame ferme et ont en commun certains personnages. Les diff\u00e9rents segments sont reli\u00e9s entre eux par des sc\u00e8nes de transition qui ont lieu sur une sc\u00e8ne de th\u00e9\u00e2tre, o\u00f9 un renard s&rsquo;adresse au public pour pr\u00e9senter les diff\u00e9rentes pi\u00e8ces que la troupe d&rsquo;animaux va interpr\u00e9ter..<\/p>\n<\/details>\n\n\n\n<hr class=\"wp-block-separator has-text-color has-pale-cyan-blue-color has-alpha-channel-opacity has-pale-cyan-blue-background-color has-background is-style-wide\"\/>\n\n\n\n<div class=\"wp-block-columns are-vertically-aligned-center is-layout-flex wp-container-core-columns-is-layout-9d6595d7 wp-block-columns-is-layout-flex\">\n<div class=\"wp-block-column is-vertically-aligned-center is-layout-flow wp-block-column-is-layout-flow\" style=\"flex-basis:33.33%\">\n<p class=\"has-drop-cap\">Dimanche 21 avril<br>17h<\/p>\n<\/div>\n\n\n\n<div class=\"wp-block-column is-vertically-aligned-center is-layout-flow wp-block-column-is-layout-flow\" style=\"flex-basis:66.66%\">\n<div class=\"wp-block-media-text alignwide is-stacked-on-mobile\"><figure class=\"wp-block-media-text__media\"><img loading=\"lazy\" decoding=\"async\" width=\"1012\" height=\"563\" src=\"https:\/\/elzede.net\/acl\/wp-content\/uploads\/2024\/03\/the-falling-star-20238759.jpg\" alt=\"\" class=\"wp-image-2475 size-full\" srcset=\"https:\/\/elzede.net\/acl\/wp-content\/uploads\/2024\/03\/the-falling-star-20238759.jpg 1012w, https:\/\/elzede.net\/acl\/wp-content\/uploads\/2024\/03\/the-falling-star-20238759-300x167.jpg 300w, https:\/\/elzede.net\/acl\/wp-content\/uploads\/2024\/03\/the-falling-star-20238759-768x427.jpg 768w\" sizes=\"auto, (max-width: 767px) 89vw, (max-width: 1000px) 54vw, (max-width: 1071px) 543px, 580px\" \/><\/figure><div class=\"wp-block-media-text__content\">\n<p id=\"be05\">L&rsquo;ETOILE FILANTE (2024)<\/p>\n\n\n\n<p>De Dominique Abel et Fiona Gordon<br>Avec Fiona Gordon, Dominique Abel, Kaori Ito &amp; Bruno Romy<br>Com\u00e9die, Thriller n\u00e9o-noir &#8211; 98mn<\/p>\n<\/div><\/div>\n<\/div>\n<\/div>\n\n\n\n<details>\n <summary>En savoir plus sur ce film, clic sur le petit triangle<\/summary>\n <p><i>Bruxelles, aujourd\u2019hui. Boris, barman, vit dans la clandestinit\u00e9 depuis 35 ans, \u00e0 la suite de son implication dans un attentat qui a mal tourn\u00e9. Son pass\u00e9 refait surface quand une victime le retrouve et veut se venger. L\u2019apparition de Dom, homme d\u00e9pressif qui ressemble comme deux gouttes d\u2019eau \u00e0 Boris, fournit \u00e0 l\u2019ex- activiste le moyen parfait pour \u00e9chapper \u00e0 la vengeance. Boris et sa compagne, Kayoko, \u00e9paul\u00e9s par leur portier, Tim, tissent une toile funeste autour de Dom. Ils ignorent l\u2019existence de son ex-femme, Fiona, d\u00e9tective priv\u00e9e&#8230;<\/i><\/p>\n<p>Bruno Romy, qui joue Georges (la victime au bras robotique) nous fera le plaisir d&rsquo;\u00eatre parmi nous. Rappelons que Bruno Romy \u00e9tait venu \u00e9changer avec nous autour de son film <b>Ecoliers<\/b> en mars 2021 lors de l&rsquo;op\u00e9ration \u00ab\u00a0ouvrez les cin\u00e9mas\u00a0\u00bb<\/p>\n<\/details>\n\n\n\n<div class=\"wp-block-buttons is-content-justification-right is-layout-flex wp-container-core-buttons-is-layout-765c4724 wp-block-buttons-is-layout-flex\">\n<div class=\"wp-block-button has-custom-width wp-block-button__width-25 has-custom-font-size is-style-outline is-style-outline--4\" style=\"font-size:9px\"><a class=\"wp-block-button__link has-vivid-cyan-blue-color has-text-color wp-element-button\" href=\"#uwup2024top\">Retour en haut<\/a><\/div>\n<\/div>\n\n\n\n<hr class=\"wp-block-separator has-text-color has-pale-cyan-blue-color has-alpha-channel-opacity has-pale-cyan-blue-background-color has-background is-style-wide\"\/>\n\n\n\n<h2 class=\"wp-block-heading\" id=\"uwup2024tarif\">Nos options tarifaires<\/h2>\n\n\n\n<div class=\"wp-block-columns is-layout-flex wp-container-core-columns-is-layout-9d6595d7 wp-block-columns-is-layout-flex\">\n<div class=\"wp-block-column is-layout-flow wp-block-column-is-layout-flow\" style=\"flex-basis:75%\">\n<ul class=\"wp-block-list\">\n<li class=\"has-medium-font-size\">Carbonade 5 &#8211; 5 films et le diner<\/li>\n\n\n\n<li class=\"has-medium-font-size\">Carbonade 4 &#8211; 4 films et le diner<\/li>\n\n\n\n<li class=\"has-medium-font-size\">Carbonade 3 &#8211; 3 films et le diner<\/li>\n\n\n\n<li class=\"has-medium-font-size\">Carbonade 2 &#8211; 2 films et le diner<\/li>\n\n\n\n<li class=\"has-medium-font-size\">Carbonade 1 &#8211; 1 film et le diner<\/li>\n<\/ul>\n<\/div>\n\n\n\n<div class=\"wp-block-column is-layout-flow wp-block-column-is-layout-flow\" style=\"flex-basis:25%\">\n<p class=\"has-text-align-center has-medium-font-size\"><strong>30\u20ac<br>28\u20ac<br>25\u20ac<br>22\u20ac<br>19\u20ac<\/strong><\/p>\n<\/div>\n<\/div>\n\n\n\n<div class=\"wp-block-buttons is-content-justification-right is-layout-flex wp-container-core-buttons-is-layout-765c4724 wp-block-buttons-is-layout-flex\">\n<div class=\"wp-block-button has-custom-width wp-block-button__width-25 has-custom-font-size is-style-outline is-style-outline--5\" style=\"font-size:9px\"><a class=\"wp-block-button__link has-vivid-cyan-blue-color has-text-color wp-element-button\" href=\"#uwup2024top\">Retour en haut<\/a><\/div>\n<\/div>\n\n\n\n<hr class=\"wp-block-separator has-text-color has-pale-cyan-blue-color has-alpha-channel-opacity has-pale-cyan-blue-background-color has-background is-style-wide\"\/>\n\n\n\n<h2 class=\"wp-block-heading\" id=\"uwup2024resa\">R\u00e9servations et achats<\/h2>\n\n\n\n<p>La billetterie sera ouverte en ligne du <strong>1 au 19 avril \u00e0 midi<\/strong><br>Comme toujours nous faisons confiance \u00e0 HelloAsso pour la s\u00e9curisation des flux financiers.<br>Vos places (films et diner) seront \u00e0 retirer \u00e0 l&rsquo;accueil du cin\u00e9ma.<br>Et bien entendu vous serez prioritaires sur les personnes n&rsquo;ayant pas de r\u00e9servation !<br><a href=\"https:\/\/www.helloasso.com\/associations\/les-amis-du-cinema-de-lion\/evenements\/un-week-end-un-pays-la-belgiqur\">Pour acheter vos tickets et votre diner (Paiement s\u00e9curis\u00e9)<\/a><\/p>\n\n\n\n<div class=\"wp-block-buttons is-content-justification-right is-layout-flex wp-container-core-buttons-is-layout-765c4724 wp-block-buttons-is-layout-flex\">\n<div class=\"wp-block-button has-custom-width wp-block-button__width-25 has-custom-font-size is-style-outline is-style-outline--6\" style=\"font-size:9px\"><a class=\"wp-block-button__link has-vivid-cyan-blue-color has-text-color wp-element-button\" href=\"#uwup2024top\">Retour en haut<\/a><\/div>\n<\/div>\n","protected":false},"excerpt":{"rendered":"<p>3\u00e8me \u00e9dition de notre festival Un week-end Un pays.Cette ann\u00e9e nous avons choisi la BelgiquePromis nous partirons vers le sud une prochaine fois \ud83d\ude02 Le calendrierLes films s\u00e9lectionn\u00e9sLe tarifLa restauration (r\u00e9servation via HelloAsso) Ouvrira du 1 au 19 avril \u00e0 midi Le calendrier Les films de ce festival Vendredi 19 avril20h30 C&rsquo;EST ARRIVE PRES DE &hellip; <\/p>\n<p class=\"link-more\"><a href=\"https:\/\/elzede.net\/acl\/uwup2024\/\" class=\"more-link\">Continuer la lecture<span class=\"screen-reader-text\"> de &laquo;&nbsp;Un week-end Un pays : La Belgique&nbsp;&raquo;<\/span><\/a><\/p>\n","protected":false},"author":1,"featured_media":2486,"parent":0,"menu_order":0,"comment_status":"closed","ping_status":"closed","template":"","meta":{"footnotes":""},"class_list":["post-2458","page","type-page","status-publish","has-post-thumbnail","hentry"],"_links":{"self":[{"href":"https:\/\/elzede.net\/acl\/wp-json\/wp\/v2\/pages\/2458","targetHints":{"allow":["GET"]}}],"collection":[{"href":"https:\/\/elzede.net\/acl\/wp-json\/wp\/v2\/pages"}],"about":[{"href":"https:\/\/elzede.net\/acl\/wp-json\/wp\/v2\/types\/page"}],"author":[{"embeddable":true,"href":"https:\/\/elzede.net\/acl\/wp-json\/wp\/v2\/users\/1"}],"replies":[{"embeddable":true,"href":"https:\/\/elzede.net\/acl\/wp-json\/wp\/v2\/comments?post=2458"}],"version-history":[{"count":18,"href":"https:\/\/elzede.net\/acl\/wp-json\/wp\/v2\/pages\/2458\/revisions"}],"predecessor-version":[{"id":2581,"href":"https:\/\/elzede.net\/acl\/wp-json\/wp\/v2\/pages\/2458\/revisions\/2581"}],"wp:featuredmedia":[{"embeddable":true,"href":"https:\/\/elzede.net\/acl\/wp-json\/wp\/v2\/media\/2486"}],"wp:attachment":[{"href":"https:\/\/elzede.net\/acl\/wp-json\/wp\/v2\/media?parent=2458"}],"curies":[{"name":"wp","href":"https:\/\/api.w.org\/{rel}","templated":true}]}}