{"id":1009,"date":"2022-04-14T11:07:04","date_gmt":"2022-04-14T09:07:04","guid":{"rendered":"https:\/\/elzede.net\/acl\/?page_id=1009"},"modified":"2022-05-26T18:32:13","modified_gmt":"2022-05-26T16:32:13","slug":"uwup-2022-italie","status":"publish","type":"page","link":"https:\/\/elzede.net\/acl\/uwup-2022-italie\/","title":{"rendered":"Un week-end Un pays &#8211; 2022 &#8211; L&rsquo;Italie"},"content":{"rendered":"\n<p id=\"uwup2022top\">Les Amis du Cin\u00e9ma de Lion vous proposent la premi\u00e8re \u00e9dition de leur festival Annuel \u00ab\u00a0Un week-end Un pays\u00a0\u00bb .<br>Cette ann\u00e9e nous avons choisi l&rsquo;Italie &#8211; Si vous ne savez pas pourquoi, il vous suffit d&rsquo;adh\u00e9rer \u00e0 l&rsquo;association et tout s&rsquo;\u00e9clairera !<br> \ud83d\ude09<\/p>\n\n\n\n<p><a href=\"https:\/\/elzede.net\/acl\/wp-content\/uploads\/2022\/05\/Generique-festival.mp4\" target=\"_blank\" rel=\"noreferrer noopener\">La bande-annonce (s&rsquo;ouvrira dans un autre onglet)<\/a><br><a href=\"#uwup2022flm\">Les films s\u00e9lectionn\u00e9s<\/a><br><a href=\"#uwup2022restau\">La restauration (<em>sur r\u00e9servation<\/em>)<\/a><br><a href=\"#uwup2022calend\">Le calendrier<\/a><br><a href=\"#uwup2022tarif\">Le tarif<\/a><\/p>\n\n\n\n<h2 class=\"wp-block-heading\" id=\"uwup2022flm\">Les films au programme<\/h2>\n\n\n\n<div class=\"wp-block-columns is-layout-flex wp-container-core-columns-is-layout-9d6595d7 wp-block-columns-is-layout-flex\">\n<div class=\"wp-block-column is-layout-flow wp-block-column-is-layout-flow\" style=\"flex-basis:66.66%\">\n<h4 class=\"wp-block-heading\">Cinema Paradiso &#8211; vo st<\/h4>\n\n\n\n<figure class=\"wp-block-image size-full is-resized\"><img loading=\"lazy\" decoding=\"async\" src=\"https:\/\/elzede.net\/acl\/wp-content\/uploads\/2022\/04\/Paradiso-01.jpeg\" alt=\"\" class=\"wp-image-1010\" width=\"387\" height=\"581\" srcset=\"https:\/\/elzede.net\/acl\/wp-content\/uploads\/2022\/04\/Paradiso-01.jpeg 474w, https:\/\/elzede.net\/acl\/wp-content\/uploads\/2022\/04\/Paradiso-01-200x300.jpeg 200w\" sizes=\"auto, (max-width: 387px) 100vw, 387px\" \/><\/figure>\n<\/div>\n\n\n\n<div class=\"wp-block-column is-vertically-aligned-center is-layout-flow wp-block-column-is-layout-flow\" style=\"flex-basis:33.33%\">\n<p>On commence par un classique. C&rsquo;est peut-\u00eatre le plus bel \u00e9loge que l&rsquo;on puisse faire des petites salles et des amoureux du cin\u00e9ma que vous \u00eates. Et on doit cette p\u00e9pite \u00e0 Giuseppe Tornatore.<\/p>\n\n\n\n<p class=\"has-small-font-size\"><em>\u00c0&nbsp;Rome, \u00e0 la fin des&nbsp;ann\u00e9es 1980, Salvatore vient d&rsquo;apprendre la mort de son vieil ami Alfredo. Par cette nouvelle, c&rsquo;est toute son enfance qui remonte \u00e0 la surface&nbsp;: son village natal, en&nbsp;Sicile, quand on l&rsquo;appelait Tot\u00f2 et qu&rsquo;il partageait son temps libre entre l&rsquo;\u00e9glise (o\u00f9 il \u00e9tait enfant de ch\u0153ur) et la salle de cin\u00e9ma paroissiale, o\u00f9 r\u00e9gnait Alfredo, le projectionniste qui, au travers des films qu&rsquo;il projetait, lui apprenait la vie.<\/em><\/p>\n\n\n\n<p class=\"has-small-font-size\"><a href=\"https:\/\/youtu.be\/u_s-4OAxkKw\" target=\"_blank\" rel=\"noreferrer noopener\">Voir la bande-annonce<\/a><\/p>\n<\/div>\n<\/div>\n\n\n\n<div class=\"wp-block-columns is-layout-flex wp-container-core-columns-is-layout-9d6595d7 wp-block-columns-is-layout-flex\">\n<div class=\"wp-block-column is-layout-flow wp-block-column-is-layout-flow\" style=\"flex-basis:66.66%\">\n<h4 class=\"wp-block-heading\">Les aventures de Pinocchio &#8211; vf<\/h4>\n\n\n\n<figure class=\"wp-block-image size-large\"><img loading=\"lazy\" decoding=\"async\" width=\"755\" height=\"1024\" src=\"https:\/\/elzede.net\/acl\/wp-content\/uploads\/2022\/04\/Pinocchio-Comecini-755x1024.jpeg\" alt=\"\" class=\"wp-image-1011\" srcset=\"https:\/\/elzede.net\/acl\/wp-content\/uploads\/2022\/04\/Pinocchio-Comecini-755x1024.jpeg 755w, https:\/\/elzede.net\/acl\/wp-content\/uploads\/2022\/04\/Pinocchio-Comecini-221x300.jpeg 221w, https:\/\/elzede.net\/acl\/wp-content\/uploads\/2022\/04\/Pinocchio-Comecini-768x1041.jpeg 768w, https:\/\/elzede.net\/acl\/wp-content\/uploads\/2022\/04\/Pinocchio-Comecini-1133x1536.jpeg 1133w, https:\/\/elzede.net\/acl\/wp-content\/uploads\/2022\/04\/Pinocchio-Comecini-1511x2048.jpeg 1511w, https:\/\/elzede.net\/acl\/wp-content\/uploads\/2022\/04\/Pinocchio-Comecini.jpeg 1754w\" sizes=\"auto, (max-width: 706px) 89vw, (max-width: 767px) 82vw, 740px\" \/><\/figure>\n<\/div>\n\n\n\n<div class=\"wp-block-column is-vertically-aligned-center is-layout-flow wp-block-column-is-layout-flow\" style=\"flex-basis:33.33%\">\n<p>Autre grand classique, ce film de Luigi Comencini sera une d\u00e9couverte pour les plus petits, et une \u00ab\u00a0madeleine de Proust\u00a0\u00bb pour les plus grands<\/p>\n\n\n\n<p class=\"has-small-font-size\">Dans une grande b\u00fbche enchant\u00e9e qu&rsquo;il a emprunt\u00e9e \u00e0 son voisin, Ma\u00eetre Cerise, Gepetto, le pauvre menuisier, fabrique une marionnette. Il croit remarquer que son ouvrage, termin\u00e9, est dou\u00e9 de mouvement et de parole, mais il attribue ces hallucinations \u00e0 la faim qui le tenaille. Aussi va-t-il vite se coucher. Dans la nuit glaciale, la f\u00e9e Turquoise transforme la marionnette en petit gar\u00e7on \u00e0 la grande joie de Gepetto qui a toujours r\u00eav\u00e9 d&rsquo;un fils. <em><a href=\"#popmake-1147\">Lire la suite<\/a><\/em><\/p>\n\n\n\n<p class=\"has-small-font-size\"><a href=\"https:\/\/youtu.be\/DusxOshwOWw\" target=\"_blank\" rel=\"noreferrer noopener\">Voir la bande annonce<\/a><\/p>\n<\/div>\n<\/div>\n\n\n\n<div class=\"wp-block-columns is-layout-flex wp-container-core-columns-is-layout-9d6595d7 wp-block-columns-is-layout-flex\">\n<div class=\"wp-block-column is-layout-flow wp-block-column-is-layout-flow\" style=\"flex-basis:66.66%\">\n<h4 class=\"wp-block-heading\">A chiara &#8211; vo st<\/h4>\n\n\n\n<figure class=\"wp-block-image size-full\"><img loading=\"lazy\" decoding=\"async\" width=\"450\" height=\"600\" src=\"https:\/\/elzede.net\/acl\/wp-content\/uploads\/2022\/04\/A_Chara-Small.jpeg\" alt=\"\" class=\"wp-image-1012\" srcset=\"https:\/\/elzede.net\/acl\/wp-content\/uploads\/2022\/04\/A_Chara-Small.jpeg 450w, https:\/\/elzede.net\/acl\/wp-content\/uploads\/2022\/04\/A_Chara-Small-225x300.jpeg 225w\" sizes=\"auto, (max-width: 450px) 100vw, 450px\" \/><\/figure>\n<\/div>\n\n\n\n<div class=\"wp-block-column is-vertically-aligned-center is-layout-flow wp-block-column-is-layout-flow\" style=\"flex-basis:33.33%\">\n<p>Prim\u00e9 \u00e0 Cannes en 2021 \u00e0 la quinzaine des r\u00e9alisateurs, ce film d&rsquo;un jeune r\u00e9alisateur Jonas CARPIGNANO vous fera d\u00e9couvrir une autre Italie.<\/p>\n\n\n\n<p class=\"has-small-font-size\"><em>Chiara, 16 ans, vit dans une petite ville de Calabre, entour\u00e9e de toute sa famille. Pour les 18 ans de sa soeur, une grande f\u00eate est organis\u00e9e et tout le clan se r\u00e9unit. Le lendemain, Claudio, son p\u00e8re, part sans laisser de traces. Elle d\u00e9cide alors de mener l\u2019enqu\u00eate pour le retrouver. Mais plus elle s\u2019approche de la v\u00e9rit\u00e9 qui entoure le myst\u00e8re de cette disparition, plus son propre destin se dessine.<\/em><\/p>\n\n\n\n<p class=\"has-small-font-size\"><a href=\"https:\/\/youtu.be\/HJnOJkpB3Q4\" target=\"_blank\" rel=\"noreferrer noopener\">Voir la bande annonce <\/a><\/p>\n<\/div>\n<\/div>\n\n\n\n<h4 class=\"wp-block-heading\">La Vita e bella &#8211; vo st<\/h4>\n\n\n\n<figure class=\"wp-block-image size-large\"><img loading=\"lazy\" decoding=\"async\" width=\"1024\" height=\"576\" src=\"https:\/\/elzede.net\/acl\/wp-content\/uploads\/2022\/04\/VitaBella-01-1024x576.jpeg\" alt=\"\" class=\"wp-image-1017\" srcset=\"https:\/\/elzede.net\/acl\/wp-content\/uploads\/2022\/04\/VitaBella-01-1024x576.jpeg 1024w, https:\/\/elzede.net\/acl\/wp-content\/uploads\/2022\/04\/VitaBella-01-300x169.jpeg 300w, https:\/\/elzede.net\/acl\/wp-content\/uploads\/2022\/04\/VitaBella-01-768x432.jpeg 768w, https:\/\/elzede.net\/acl\/wp-content\/uploads\/2022\/04\/VitaBella-01.jpeg 1280w\" sizes=\"auto, (max-width: 767px) 89vw, (max-width: 1000px) 54vw, (max-width: 1071px) 543px, 580px\" \/><\/figure>\n\n\n\n<p>Ce conte philosophique de Roberto BENIGNI prouve que l&rsquo;\u00e2me italienne peut rire de choses graves sans sombrer dans l&rsquo;indiff\u00e9rence. Aux c\u00f4t\u00e9s de ses parents (Roberto BENIGNI et Nicoletta BASCHI) le petit Giorgio CANTARINI prouve que des cinq ans on peut devenir acteur. De quoi susciter des vocations&#8230;.<\/p>\n\n\n\n<p class=\"has-small-font-size\"><a href=\"https:\/\/youtu.be\/moZtjYAAozA\" target=\"_blank\" rel=\"noreferrer noopener\">Voir la bande-annonce<\/a><\/p>\n\n\n\n<div class=\"wp-block-columns is-layout-flex wp-container-core-columns-is-layout-9d6595d7 wp-block-columns-is-layout-flex\">\n<div class=\"wp-block-column is-layout-flow wp-block-column-is-layout-flow\" style=\"flex-basis:66.66%\">\n<h4 class=\"wp-block-heading\">Le petit monde de L\u00e9o &#8211; s\u00e9ance de 30 minutes<\/h4>\n\n\n\n<figure class=\"wp-block-image size-large\"><img loading=\"lazy\" decoding=\"async\" width=\"768\" height=\"1024\" src=\"https:\/\/elzede.net\/acl\/wp-content\/uploads\/2022\/04\/LE-PETIT-MONDE-DE-LEO-01-768x1024.jpeg\" alt=\"\" class=\"wp-image-1013\" srcset=\"https:\/\/elzede.net\/acl\/wp-content\/uploads\/2022\/04\/LE-PETIT-MONDE-DE-LEO-01-768x1024.jpeg 768w, https:\/\/elzede.net\/acl\/wp-content\/uploads\/2022\/04\/LE-PETIT-MONDE-DE-LEO-01-225x300.jpeg 225w, https:\/\/elzede.net\/acl\/wp-content\/uploads\/2022\/04\/LE-PETIT-MONDE-DE-LEO-01-1152x1536.jpeg 1152w, https:\/\/elzede.net\/acl\/wp-content\/uploads\/2022\/04\/LE-PETIT-MONDE-DE-LEO-01.jpeg 1200w\" sizes=\"auto, (max-width: 767px) 89vw, (max-width: 1000px) 54vw, (max-width: 1071px) 543px, 580px\" \/><\/figure>\n<\/div>\n\n\n\n<div class=\"wp-block-column is-vertically-aligned-center is-layout-flow wp-block-column-is-layout-flow\" style=\"flex-basis:33.33%\">\n<p>Les Amis du Cin\u00e9ma de Lion pensent que le cin\u00e9ma est aussi un lieu pour les plus petits. D\u00e8s 2 ans vous pouvez d\u00e9vorer <em>5 contes de Lionni  <\/em>de Giulio Gianni<\/p>\n\n\n\n<p class=\"has-small-font-size\"><em>&nbsp;<em>Un poisson est un poisson<\/em>&nbsp;: Quelle vision du monde peut avoir un petit poisson au fond de son \u00e9tang ?-&nbsp;<em>Cornelius<\/em>&nbsp;: Un crocodile accomplit un exploit extraordinaire: il tient debout sur deux pattes !-&nbsp;<em>C&rsquo;est \u00e0 moi<\/em>&nbsp;: Trois grenouilles discutent sans cesse. Un crapaud les pr\u00e9vient: arr\u00eatez ou bien vous allez le regretter !-&nbsp;<em>Pilotin<\/em>&nbsp;: Pilotin \u00e9tait le seul petit poisson noir parmi des milliers de petits poissons rouges. Arriva un gros poisson f\u00e9roce et affam\u00e9&#8230;-&nbsp;<em>Fr\u00e9d\u00e9ric<\/em>&nbsp;: Pendant que les autres mulots font provision de ma\u00efs et de noisettes pour l&rsquo;hiver, Fr\u00e9d\u00e9ric, lui, fait provision de soleil, de couleurs et de mots.<\/em><\/p>\n\n\n\n<p class=\"has-small-font-size\"><a href=\"https:\/\/youtu.be\/RYh5Ho3w11s\" target=\"_blank\" rel=\"noreferrer noopener\">Voir la bande-annonce<\/a><\/p>\n<\/div>\n<\/div>\n\n\n\n<div class=\"wp-block-columns is-layout-flex wp-container-core-columns-is-layout-9d6595d7 wp-block-columns-is-layout-flex\">\n<div class=\"wp-block-column is-layout-flow wp-block-column-is-layout-flow\" style=\"flex-basis:66.66%\">\n<h4 class=\"wp-block-heading\">Il grande silenzio &#8211; vo st<\/h4>\n\n\n\n<figure class=\"wp-block-image size-full\"><img loading=\"lazy\" decoding=\"async\" width=\"474\" height=\"675\" src=\"https:\/\/elzede.net\/acl\/wp-content\/uploads\/2022\/04\/LE-GRAND-SILENCE-01.jpeg\" alt=\"\" class=\"wp-image-1015\" srcset=\"https:\/\/elzede.net\/acl\/wp-content\/uploads\/2022\/04\/LE-GRAND-SILENCE-01.jpeg 474w, https:\/\/elzede.net\/acl\/wp-content\/uploads\/2022\/04\/LE-GRAND-SILENCE-01-211x300.jpeg 211w\" sizes=\"auto, (max-width: 474px) 100vw, 474px\" \/><\/figure>\n<\/div>\n\n\n\n<div class=\"wp-block-column is-vertically-aligned-center is-layout-flow wp-block-column-is-layout-flow\" style=\"flex-basis:33.33%\">\n<p>Un week-end italien sans un \u00ab\u00a0western spaghetti\u00a0\u00bb ne serait pas un week-end italien.<br>Parmi les 450 westerns italiens r\u00e9alis\u00e9s entre les ann\u00e9es soixante et les ann\u00e9es quatre-vingt notre choix s&rsquo;est port\u00e9 sur ce film de qualit\u00e9  tourn\u00e9 par Sergio CORBUCCI en 1968.<br> JL TRINTIGNANT et Vonetta McGEE face \u00e0 Klaus KINSKI, \u00e7a ne se refuse pas.<\/p>\n\n\n\n<p class=\"has-small-font-size\"><em> Hiver 1898, dans les montagnes de l&rsquo;<a href=\"https:\/\/fr.wikipedia.org\/wiki\/Utah\">Utah<\/a>, des paysans et b\u00fbcherons sont devenus hors-la-loi pour survivre. Des chasseurs de primes, dirig\u00e9s par le doucereux mais cruel Tigrero, sont pay\u00e9s pour les abattre. Pauline, dont le mari a \u00e9t\u00e9 tu\u00e9 par Tigrero, engage Silence, un pistolero muet pour la venger.<\/em><\/p>\n\n\n\n<p class=\"has-small-font-size\">Voir la bande-annonce<\/p>\n\n\n\n<p class=\"has-vivid-red-color has-text-color has-small-font-size\"><strong>*A sa sortie (1968) le film \u00e9tait interdit aux moins de 18 ans<\/strong><\/p>\n<\/div>\n<\/div>\n\n\n\n<div class=\"wp-block-buttons is-content-justification-right is-layout-flex wp-container-core-buttons-is-layout-765c4724 wp-block-buttons-is-layout-flex\">\n<div class=\"wp-block-button has-custom-width wp-block-button__width-25 has-custom-font-size is-style-outline is-style-outline--1\" style=\"font-size:10px\"><a class=\"wp-block-button__link has-vivid-cyan-blue-color has-text-color\" href=\"#uwup2022top\">Retour en haut<\/a><\/div>\n<\/div>\n\n\n\n<h2 class=\"wp-block-heading\" id=\"uwup2022restau\">La Restauration<\/h2>\n\n\n\n<p>Nous vous proposons de partager un buffet italien concoct\u00e9 avec des ingr\u00e9dients en provenance d&rsquo;Italie.<\/p>\n\n\n\n<p>Pour de simples questions de logistique, ce buffet est pr\u00e9vu pour CINQUANTE personnes. Nous vous recommandons de r\u00e9server vos assiettes en indiquant le nombre souhait\u00e9<\/p>\n\n\n\n<ul class=\"wp-block-list\"><li>soit par mail <a href=\"mailto:amis.cine.lion@gmail.com?subject=des%20places%20pour%20le%20festival\">en suivant ce lien<\/a><\/li><li>soit par t\u00e9l\u00e9phone au 06 87 01 73 98 (Fran\u00e7ois) ou au 06 02 32 95 84\u202c (Michele)  <\/li><\/ul>\n\n\n\n<div class=\"wp-block-buttons is-content-justification-right is-layout-flex wp-container-core-buttons-is-layout-765c4724 wp-block-buttons-is-layout-flex\">\n<div class=\"wp-block-button has-custom-width wp-block-button__width-25 has-custom-font-size is-style-outline is-style-outline--2\" style=\"font-size:10px\"><a class=\"wp-block-button__link has-vivid-cyan-blue-color has-text-color\" href=\"#uwup2022top\">Retour en haut<\/a><\/div>\n<\/div>\n\n\n\n<h2 class=\"wp-block-heading\" id=\"uwup2022calend\">Le Calendrier d\u00e9taill\u00e9<\/h2>\n\n\n\n<ul class=\"wp-block-list\"><li>Vendredi 24 juin &#8211; 21h &#8211; Cinema Paradiso &#8211; vostfr<\/li><li>Samedi 25 juin &#8211; 10h &#8211; Les aventures de Pinocchio &#8211; vf<\/li><li>Samedi 25 juin &#8211; 13h &#8211; Buffet italien <em>(sur r\u00e9servation<\/em>)<\/li><li>Samedi 25 juin &#8211; 15h &#8211; A Chiara &#8211; vostfr<\/li><li>Samedi 25 juin &#8211; 21h &#8211; La vita e bella &#8211; vostfr<\/li><li>Dimanche 26 juin &#8211; 9h30 &#8211; Petit d\u00e9jeuner italien (per i bambini )<\/li><li>Dimanche 26 juin &#8211; 10h &#8211; Le petit monde de L\u00e9o<\/li><li>Dimanche 26 juin &#8211; 17h &#8211; Il gran silenzio &#8211; vostfr<\/li><\/ul>\n\n\n\n<div class=\"wp-block-buttons is-content-justification-right is-layout-flex wp-container-core-buttons-is-layout-765c4724 wp-block-buttons-is-layout-flex\">\n<div class=\"wp-block-button has-custom-width wp-block-button__width-25 has-custom-font-size is-style-outline is-style-outline--3\" style=\"font-size:10px\"><a class=\"wp-block-button__link has-vivid-cyan-blue-color has-text-color\" href=\"#uwup2022top\">Retour en haut<\/a><\/div>\n<\/div>\n\n\n\n<h2 class=\"wp-block-heading\" id=\"uwup2022tarif\">Le tarif<\/h2>\n\n\n\n<p>Nos options tarifaires <br><strong>Le PACK<\/strong> <strong>Festival<\/strong> &#8211; Un Pack Festival \u00e0 <strong>25 \u20ac<\/strong> pour Quatre s\u00e9ances et le buffet du samedi<br><strong>L&rsquo;UNITAIRE<\/strong> &#8211; Buffet \u00e0 <strong>10<\/strong> \u20ac et les films au tarif habituel (5 \u20ac l&rsquo;unit\u00e9 ou 4 \u20ac au carnet orange)<br><strong>Le FAUVE<\/strong> &#8211; Le monde de L\u00e9o + Le petit d\u00e9jeuner du dimanche &#8211; <strong>5 \u20ac<\/strong><br><br><strong>Le PINOCCHIO<\/strong> &#8211; <em><strong>Sp\u00e9cial Ecoliers de Lion sur Mer<\/strong><\/em> pour Pinocchio &#8211; <strong>2 \u20ac<\/strong> ( <em>et 2\u20ac pris en charge par Les Amis du Cin\u00e9ma de Lion)<\/em><\/p>\n\n\n\n<div class=\"wp-block-buttons is-content-justification-right is-layout-flex wp-container-core-buttons-is-layout-765c4724 wp-block-buttons-is-layout-flex\">\n<div class=\"wp-block-button has-custom-width wp-block-button__width-25 has-custom-font-size is-style-outline is-style-outline--4\" style=\"font-size:10px\"><a class=\"wp-block-button__link has-vivid-cyan-blue-color has-text-color\" href=\"#uwup2022top\">Retour en haut<\/a><\/div>\n<\/div>\n","protected":false},"excerpt":{"rendered":"<p>Les Amis du Cin\u00e9ma de Lion vous proposent la premi\u00e8re \u00e9dition de leur festival Annuel \u00ab\u00a0Un week-end Un pays\u00a0\u00bb .Cette ann\u00e9e nous avons choisi l&rsquo;Italie &#8211; Si vous ne savez pas pourquoi, il vous suffit d&rsquo;adh\u00e9rer \u00e0 l&rsquo;association et tout s&rsquo;\u00e9clairera ! \ud83d\ude09 La bande-annonce (s&rsquo;ouvrira dans un autre onglet)Les films s\u00e9lectionn\u00e9sLa restauration (sur r\u00e9servation)Le &hellip; <\/p>\n<p class=\"link-more\"><a href=\"https:\/\/elzede.net\/acl\/uwup-2022-italie\/\" class=\"more-link\">Continuer la lecture<span class=\"screen-reader-text\"> de &laquo;&nbsp;Un week-end Un pays &#8211; 2022 &#8211; L&rsquo;Italie&nbsp;&raquo;<\/span><\/a><\/p>\n","protected":false},"author":1,"featured_media":1068,"parent":0,"menu_order":0,"comment_status":"closed","ping_status":"closed","template":"","meta":{"footnotes":""},"class_list":["post-1009","page","type-page","status-publish","has-post-thumbnail","hentry"],"_links":{"self":[{"href":"https:\/\/elzede.net\/acl\/wp-json\/wp\/v2\/pages\/1009","targetHints":{"allow":["GET"]}}],"collection":[{"href":"https:\/\/elzede.net\/acl\/wp-json\/wp\/v2\/pages"}],"about":[{"href":"https:\/\/elzede.net\/acl\/wp-json\/wp\/v2\/types\/page"}],"author":[{"embeddable":true,"href":"https:\/\/elzede.net\/acl\/wp-json\/wp\/v2\/users\/1"}],"replies":[{"embeddable":true,"href":"https:\/\/elzede.net\/acl\/wp-json\/wp\/v2\/comments?post=1009"}],"version-history":[{"count":21,"href":"https:\/\/elzede.net\/acl\/wp-json\/wp\/v2\/pages\/1009\/revisions"}],"predecessor-version":[{"id":1161,"href":"https:\/\/elzede.net\/acl\/wp-json\/wp\/v2\/pages\/1009\/revisions\/1161"}],"wp:featuredmedia":[{"embeddable":true,"href":"https:\/\/elzede.net\/acl\/wp-json\/wp\/v2\/media\/1068"}],"wp:attachment":[{"href":"https:\/\/elzede.net\/acl\/wp-json\/wp\/v2\/media?parent=1009"}],"curies":[{"name":"wp","href":"https:\/\/api.w.org\/{rel}","templated":true}]}}